{"id":2415,"date":"2020-06-25T06:27:16","date_gmt":"2020-06-25T06:27:16","guid":{"rendered":"https:\/\/www.elettralanguages.eu\/about-us\/"},"modified":"2025-10-26T11:36:09","modified_gmt":"2025-10-26T11:36:09","slug":"a-propos-de-nous","status":"publish","type":"page","link":"https:\/\/www.elettralanguages.eu\/fr\/a-propos-de-nous\/","title":{"rendered":"\u00c0 propos de nous"},"content":{"rendered":"<h2 style=\"text-align: center; margin-bottom: 20px; font-weight: bold;\">Gr\u00e2ce \u00e0 pr\u00e8s de vingt ans d\u2019exp\u00e9rience dans les secteurs du droit et de la communication institutionnelle et financi\u00e8re, nous comprenons parfaitement vos besoins et les attentes de vos clients \u00e0 l\u2019international<\/h2>\n<h2 style=\"text-align: center; font-size: 1.8rem;\">Partenaires professionnels, nous sommes \u00e9galement partenaires \u00e0 la ville\u00a0: mari\u00e9s, nous sommes parents de deux petites filles, Alba et Louane.<\/h2>\n<h5 style=\"color: #ffffff; text-align: center;\">Traductrice, relectrice,<br \/>\ntranscr\u00e9atrice et<br \/>\navocate<\/h5>\n<h2 style=\"text-align: center; color: #fff;\">IRENE L\u00d3PEZ LLANDRES<\/h2>\n<p><img decoding=\"async\" src=\"https:\/\/www.elettralanguages.eu\/wp-content\/uploads\/2021\/03\/K67pmR_g-1.jpeg\" sizes=\"(max-width: 341px) 100vw, 341px\" srcset=\"https:\/\/www.elettralanguages.eu\/wp-content\/uploads\/2021\/03\/K67pmR_g-1.jpeg 341w, https:\/\/www.elettralanguages.eu\/wp-content\/uploads\/2021\/03\/K67pmR_g-1-200x300.jpeg 200w\" alt=\"\" width=\"341\" height=\"512\" \/><br \/>\nAvocate au barreau de Valencia et juriste-linguiste de la Cour P\u00e9nale International et d\u2019autres organismes.<br \/>\n<a>Continuer<\/a><\/p>\n<p>Apr\u00e8s mes \u00e9tudes, j\u2019ai commenc\u00e9 ma carri\u00e8re professionnelle en 2006 en tant qu\u2019avocate au sein d\u2019un cabinet o\u00f9 je suis rest\u00e9e plus de 10\u00a0ans, d\u2019abord comme employ\u00e9e, avant de devenir associ\u00e9e. Je me suis occup\u00e9 de diff\u00e9rentes proc\u00e9dures d\u2019insolvabilit\u00e9 \u00e0 l\u2019\u00e9chelle nationale et internationale.<\/p>\n<p>En 2012, j\u2019ai obtenu un master en insolvabilit\u00e9 des entreprises internationales \u00e0 l\u2019universit\u00e9 San Pablo CEU de Madrid.<\/p>\n<p>En 2015, j&#8217;ai commenc\u00e9 \u00e0 travailler en tant qu&#8217;avocate ind\u00e9pendante, combinant mon travail avec une formation sp\u00e9cifique en traduction juridique et pour les organisations internationales. Depuis 2015, je partage mon temps entre mes activit\u00e9s d&#8217;avocate ind\u00e9pendante et la traduction juridique et institutionnelle.<\/p>\n<p>Je suis actuellement juriste-linguiste pour plusieurs organisations internationales, dont la Cour P\u00e9nale Internationale, l&#8217;UNICEF, l&#8217;OCDE et la Banque Interam\u00e9ricaine de D\u00e9veloppement.<\/p>\n<p>Dans le domaine juridique, je me suis sp\u00e9cialis\u00e9e dans le droit p\u00e9nal et plus particuli\u00e8rement dans l&#8217;assistance pour les crimes du violence de genre et la protection de l&#8217;enfance. Je suis actuellement membre du Service de d\u00e9fense publique de Valence (Turno de Oficio de Valencia).<\/p>\n<h5 style=\"color: #ffffff; text-align: center;\">Traducteur, r\u00e9viseur, transcr\u00e9ateur, r\u00e9dacteur<\/h5>\n<h2 style=\"color: #ffffff; text-align: center;\">JEAN-PHILIPPE MENOTTI<\/h2>\n<p><img decoding=\"async\" src=\"https:\/\/www.elettralanguages.eu\/wp-content\/uploads\/2021\/03\/Jh4JmV3A-1.jpeg\" sizes=\"(max-width: 341px) 100vw, 341px\" srcset=\"https:\/\/www.elettralanguages.eu\/wp-content\/uploads\/2021\/03\/Jh4JmV3A-1.jpeg 341w, https:\/\/www.elettralanguages.eu\/wp-content\/uploads\/2021\/03\/Jh4JmV3A-1-200x300.jpeg 200w\" alt=\"\" width=\"341\" height=\"512\" \/><\/p>\n<p>Apr\u00e8s avoir obtenu mon dipl\u00f4me de traducteur sp\u00e9cialis\u00e9 en affaires internationales de l\u2019ISIT en 2003, j\u2019ai commenc\u00e9 \u00e0 travailler comme traducteur ind\u00e9pendant d\u00e8s l\u2019ann\u00e9e suivante avec une sp\u00e9cialisation dans le domaine de la finance et la gestion d\u2019actifs.<\/p>\n<p><a>Continuer<\/a><\/p>\n<p>En 2007, j\u2019ai int\u00e9gr\u00e9, en parall\u00e8le de mon activit\u00e9 lib\u00e9rale, la soci\u00e9t\u00e9 RR Donnelley Financial (devenue <a href=\"https:\/\/www.dfinsolutions.com\/\" target=\"_blank\" rel=\"noopener\">Donnelley Financial Solutions<\/a>) \u00e0 Paris o\u00f9 je m\u2019occupais de diff\u00e9rents projets de communication et d\u2019\u00e9dition financi\u00e8re pour de grands groupes fran\u00e7ais (<a href=\"https:\/\/www.sanofi.com\/\" target=\"_blank\" rel=\"noopener\">Sanofi<\/a>, <a href=\"https:\/\/www.total.com\/\" target=\"_blank\" rel=\"noopener\">Total<\/a>, <a href=\"https:\/\/www.al-enterprise.com\/\" target=\"_blank\" rel=\"noopener\">Alcatel Lucent<\/a>, etc.) ainsi que dans le cadre d\u2019op\u00e9rations financi\u00e8res de grande envergure (introductions en bourse, \u00e9mission de dette \u00e0 haut rendement, etc.). J\u2019ai ainsi pu acqu\u00e9rir une vaste exp\u00e9rience au contact des services des relations avec les actionnaires de ces groupes et des banquiers et avocats impliqu\u00e9s dans les op\u00e9rations.<\/p>\n<p>En 2011, j\u2019ai rejoint \u00e0 temps plein le service de traduction de la soci\u00e9t\u00e9 (acquis depuis par <a href=\"https:\/\/www.rws.com\/\" target=\"_blank\" rel=\"noopener\">SDL<\/a>) o\u00f9 je dirigeais l\u2019\u00e9quipe parisienne charg\u00e9e de la gestion des projets de grands comptes (<a href=\"https:\/\/www.engie.com\/\" target=\"_blank\" rel=\"noopener\">Engie<\/a>, <a href=\"https:\/\/www.suez.com\/\" target=\"_blank\" rel=\"noopener\">Suez<\/a>, etc.) et de cabinets d\u2019avocats internationaux (<a href=\"https:\/\/www.sullcrom.com\/\" target=\"_blank\" rel=\"noopener\">Sullivan &amp; Cromwell<\/a>, <a href=\"https:\/\/www.jonesday.com\/en\/\" target=\"_blank\" rel=\"noopener\">Jones Day<\/a>, etc.). J\u2019ai ensuite particip\u00e9 \u00e0 l\u2019ouverture du bureau madril\u00e8ne de la soci\u00e9t\u00e9 o\u00f9 j\u2019ai cr\u00e9\u00e9 et dirig\u00e9 une \u00e9quipe de chefs de projet polyvalents, form\u00e9e pour assister les diff\u00e9rentes plateformes \u00e0 Londres, Luxembourg, New York, Tokyo et Hong Kong.<\/p>\n<p>En 2015, j\u2019ai quitt\u00e9 la soci\u00e9t\u00e9 pour reprendre une activit\u00e9 de traducteur ind\u00e9pendant avec une double sp\u00e9cialisation en finance et en traduction cr\u00e9ative pour la communication des entreprises.<\/p>\n<p>J\u2019ai \u00e9galement collabor\u00e9 avec Irene dans le cadre de notre activit\u00e9 commune de conseil aux entreprises, jusqu\u2019\u00e0 la fondation d\u2019<strong>Elettra Languages<\/strong>, qui nous permet \u00e0 pr\u00e9sent de nous consacrer pleinement aux services linguistiques.<\/p>\n<h2 style=\"text-align: center;\">ASSOCIATIONS<\/h2>\n<p><a href=\"https:\/\/asetrad.org\/\" target=\"_blank\" rel=\"noopener\"><br \/>\n<img decoding=\"async\" src=\"https:\/\/www.elettralanguages.eu\/wp-content\/uploads\/2021\/03\/Asetrad-1.jpg\" sizes=\"(max-width: 449px) 100vw, 449px\" srcset=\"https:\/\/www.elettralanguages.eu\/wp-content\/uploads\/2021\/03\/Asetrad-1.jpg 449w, https:\/\/www.elettralanguages.eu\/wp-content\/uploads\/2021\/03\/Asetrad-1-300x66.jpg 300w\" alt=\"\" width=\"449\" height=\"99\" \/> <\/a><\/p>\n<p style=\"text-align: center;\"><strong>Partenaire professionnel d\u2019<a href=\"https:\/\/asetrad.org\/\" target=\"_blank\" rel=\"noopener\">ASETRAD<\/a><\/strong><\/p>\n<p><a href=\"https:\/\/www.sft.fr\/\" target=\"_blank\" rel=\"noopener\"><br \/>\n<img decoding=\"async\" src=\"https:\/\/www.elettralanguages.eu\/wp-content\/uploads\/2021\/03\/SFT-e1615373455445-1.jpg\" alt=\"\" width=\"261\" height=\"99\" \/> <\/a><\/p>\n<p style=\"text-align: center;\"><strong>Partenaire professionnel de <a href=\"https:\/\/www.sft.fr\/\" target=\"_blank\" rel=\"noopener\">Soci\u00e9t\u00e9 Fran\u00e7aise des Traducteurs (SFT)<\/a><\/strong><\/p>\n","protected":false},"excerpt":{"rendered":"<p>Gr\u00e2ce \u00e0 pr\u00e8s de vingt ans d\u2019exp\u00e9rience dans les secteurs du droit et de la communication institutionnelle et financi\u00e8re, nous <span>&#8230;<\/span><\/p>\n","protected":false},"author":1,"featured_media":0,"parent":0,"menu_order":0,"comment_status":"closed","ping_status":"closed","template":"","meta":{"footnotes":""},"class_list":["post-2415","page","type-page","status-publish","hentry"],"yoast_head":"<!-- This site is optimized with the Yoast SEO plugin v27.4 - https:\/\/yoast.com\/product\/yoast-seo-wordpress\/ -->\n<title>\u00c0 propos de nous - Elettralanguages<\/title>\n<meta name=\"robots\" content=\"index, follow, max-snippet:-1, max-image-preview:large, max-video-preview:-1\" \/>\n<link rel=\"canonical\" href=\"https:\/\/www.elettralanguages.eu\/fr\/a-propos-de-nous\/\" \/>\n<meta property=\"og:locale\" content=\"fr_FR\" \/>\n<meta property=\"og:type\" content=\"article\" \/>\n<meta property=\"og:title\" content=\"\u00c0 propos de nous - Elettralanguages\" \/>\n<meta property=\"og:description\" content=\"Gr\u00e2ce \u00e0 pr\u00e8s de vingt ans d\u2019exp\u00e9rience dans les secteurs du droit et de la communication institutionnelle et financi\u00e8re, nous ...\" \/>\n<meta property=\"og:url\" content=\"https:\/\/www.elettralanguages.eu\/fr\/a-propos-de-nous\/\" \/>\n<meta property=\"og:site_name\" content=\"Elettralanguages\" \/>\n<meta property=\"article:modified_time\" content=\"2025-10-26T11:36:09+00:00\" \/>\n<meta property=\"og:image\" content=\"https:\/\/www.elettralanguages.eu\/wp-content\/uploads\/2021\/03\/K67pmR_g-1.jpeg\" \/>\n<meta name=\"twitter:card\" content=\"summary_large_image\" \/>\n<meta name=\"twitter:label1\" content=\"Dur\u00e9e de lecture estim\u00e9e\" \/>\n\t<meta name=\"twitter:data1\" content=\"4 minutes\" \/>\n<script type=\"application\/ld+json\" class=\"yoast-schema-graph\">{\"@context\":\"https:\\\/\\\/schema.org\",\"@graph\":[{\"@type\":\"WebPage\",\"@id\":\"https:\\\/\\\/www.elettralanguages.eu\\\/fr\\\/a-propos-de-nous\\\/\",\"url\":\"https:\\\/\\\/www.elettralanguages.eu\\\/fr\\\/a-propos-de-nous\\\/\",\"name\":\"\u00c0 propos de nous - Elettralanguages\",\"isPartOf\":{\"@id\":\"https:\\\/\\\/www.elettralanguages.eu\\\/#website\"},\"primaryImageOfPage\":{\"@id\":\"https:\\\/\\\/www.elettralanguages.eu\\\/fr\\\/a-propos-de-nous\\\/#primaryimage\"},\"image\":{\"@id\":\"https:\\\/\\\/www.elettralanguages.eu\\\/fr\\\/a-propos-de-nous\\\/#primaryimage\"},\"thumbnailUrl\":\"https:\\\/\\\/www.elettralanguages.eu\\\/wp-content\\\/uploads\\\/2021\\\/03\\\/K67pmR_g-1.jpeg\",\"datePublished\":\"2020-06-25T06:27:16+00:00\",\"dateModified\":\"2025-10-26T11:36:09+00:00\",\"breadcrumb\":{\"@id\":\"https:\\\/\\\/www.elettralanguages.eu\\\/fr\\\/a-propos-de-nous\\\/#breadcrumb\"},\"inLanguage\":\"fr-FR\",\"potentialAction\":[{\"@type\":\"ReadAction\",\"target\":[\"https:\\\/\\\/www.elettralanguages.eu\\\/fr\\\/a-propos-de-nous\\\/\"]}]},{\"@type\":\"ImageObject\",\"inLanguage\":\"fr-FR\",\"@id\":\"https:\\\/\\\/www.elettralanguages.eu\\\/fr\\\/a-propos-de-nous\\\/#primaryimage\",\"url\":\"https:\\\/\\\/www.elettralanguages.eu\\\/wp-content\\\/uploads\\\/2021\\\/03\\\/K67pmR_g-1.jpeg\",\"contentUrl\":\"https:\\\/\\\/www.elettralanguages.eu\\\/wp-content\\\/uploads\\\/2021\\\/03\\\/K67pmR_g-1.jpeg\"},{\"@type\":\"BreadcrumbList\",\"@id\":\"https:\\\/\\\/www.elettralanguages.eu\\\/fr\\\/a-propos-de-nous\\\/#breadcrumb\",\"itemListElement\":[{\"@type\":\"ListItem\",\"position\":1,\"name\":\"Home\",\"item\":\"https:\\\/\\\/www.elettralanguages.eu\\\/fr\\\/\"},{\"@type\":\"ListItem\",\"position\":2,\"name\":\"\u00c0 propos de nous\"}]},{\"@type\":\"WebSite\",\"@id\":\"https:\\\/\\\/www.elettralanguages.eu\\\/#website\",\"url\":\"https:\\\/\\\/www.elettralanguages.eu\\\/\",\"name\":\"Elettralanguages\",\"description\":\"\",\"publisher\":{\"@id\":\"https:\\\/\\\/www.elettralanguages.eu\\\/#organization\"},\"potentialAction\":[{\"@type\":\"SearchAction\",\"target\":{\"@type\":\"EntryPoint\",\"urlTemplate\":\"https:\\\/\\\/www.elettralanguages.eu\\\/?s={search_term_string}\"},\"query-input\":{\"@type\":\"PropertyValueSpecification\",\"valueRequired\":true,\"valueName\":\"search_term_string\"}}],\"inLanguage\":\"fr-FR\"},{\"@type\":\"Organization\",\"@id\":\"https:\\\/\\\/www.elettralanguages.eu\\\/#organization\",\"name\":\"Elettralanguages\",\"url\":\"https:\\\/\\\/www.elettralanguages.eu\\\/\",\"logo\":{\"@type\":\"ImageObject\",\"inLanguage\":\"fr-FR\",\"@id\":\"https:\\\/\\\/www.elettralanguages.eu\\\/#\\\/schema\\\/logo\\\/image\\\/\",\"url\":\"https:\\\/\\\/www.elettralanguages.eu\\\/wp-content\\\/uploads\\\/2021\\\/03\\\/logo_ELLETRA_FINAL-e1616672166268-1.png\",\"contentUrl\":\"https:\\\/\\\/www.elettralanguages.eu\\\/wp-content\\\/uploads\\\/2021\\\/03\\\/logo_ELLETRA_FINAL-e1616672166268-1.png\",\"width\":366,\"height\":75,\"caption\":\"Elettralanguages\"},\"image\":{\"@id\":\"https:\\\/\\\/www.elettralanguages.eu\\\/#\\\/schema\\\/logo\\\/image\\\/\"}}]}<\/script>\n<!-- \/ Yoast SEO plugin. -->","yoast_head_json":{"title":"\u00c0 propos de nous - Elettralanguages","robots":{"index":"index","follow":"follow","max-snippet":"max-snippet:-1","max-image-preview":"max-image-preview:large","max-video-preview":"max-video-preview:-1"},"canonical":"https:\/\/www.elettralanguages.eu\/fr\/a-propos-de-nous\/","og_locale":"fr_FR","og_type":"article","og_title":"\u00c0 propos de nous - Elettralanguages","og_description":"Gr\u00e2ce \u00e0 pr\u00e8s de vingt ans d\u2019exp\u00e9rience dans les secteurs du droit et de la communication institutionnelle et financi\u00e8re, nous ...","og_url":"https:\/\/www.elettralanguages.eu\/fr\/a-propos-de-nous\/","og_site_name":"Elettralanguages","article_modified_time":"2025-10-26T11:36:09+00:00","og_image":[{"url":"https:\/\/www.elettralanguages.eu\/wp-content\/uploads\/2021\/03\/K67pmR_g-1.jpeg","type":"","width":"","height":""}],"twitter_card":"summary_large_image","twitter_misc":{"Dur\u00e9e de lecture estim\u00e9e":"4 minutes"},"schema":{"@context":"https:\/\/schema.org","@graph":[{"@type":"WebPage","@id":"https:\/\/www.elettralanguages.eu\/fr\/a-propos-de-nous\/","url":"https:\/\/www.elettralanguages.eu\/fr\/a-propos-de-nous\/","name":"\u00c0 propos de nous - Elettralanguages","isPartOf":{"@id":"https:\/\/www.elettralanguages.eu\/#website"},"primaryImageOfPage":{"@id":"https:\/\/www.elettralanguages.eu\/fr\/a-propos-de-nous\/#primaryimage"},"image":{"@id":"https:\/\/www.elettralanguages.eu\/fr\/a-propos-de-nous\/#primaryimage"},"thumbnailUrl":"https:\/\/www.elettralanguages.eu\/wp-content\/uploads\/2021\/03\/K67pmR_g-1.jpeg","datePublished":"2020-06-25T06:27:16+00:00","dateModified":"2025-10-26T11:36:09+00:00","breadcrumb":{"@id":"https:\/\/www.elettralanguages.eu\/fr\/a-propos-de-nous\/#breadcrumb"},"inLanguage":"fr-FR","potentialAction":[{"@type":"ReadAction","target":["https:\/\/www.elettralanguages.eu\/fr\/a-propos-de-nous\/"]}]},{"@type":"ImageObject","inLanguage":"fr-FR","@id":"https:\/\/www.elettralanguages.eu\/fr\/a-propos-de-nous\/#primaryimage","url":"https:\/\/www.elettralanguages.eu\/wp-content\/uploads\/2021\/03\/K67pmR_g-1.jpeg","contentUrl":"https:\/\/www.elettralanguages.eu\/wp-content\/uploads\/2021\/03\/K67pmR_g-1.jpeg"},{"@type":"BreadcrumbList","@id":"https:\/\/www.elettralanguages.eu\/fr\/a-propos-de-nous\/#breadcrumb","itemListElement":[{"@type":"ListItem","position":1,"name":"Home","item":"https:\/\/www.elettralanguages.eu\/fr\/"},{"@type":"ListItem","position":2,"name":"\u00c0 propos de nous"}]},{"@type":"WebSite","@id":"https:\/\/www.elettralanguages.eu\/#website","url":"https:\/\/www.elettralanguages.eu\/","name":"Elettralanguages","description":"","publisher":{"@id":"https:\/\/www.elettralanguages.eu\/#organization"},"potentialAction":[{"@type":"SearchAction","target":{"@type":"EntryPoint","urlTemplate":"https:\/\/www.elettralanguages.eu\/?s={search_term_string}"},"query-input":{"@type":"PropertyValueSpecification","valueRequired":true,"valueName":"search_term_string"}}],"inLanguage":"fr-FR"},{"@type":"Organization","@id":"https:\/\/www.elettralanguages.eu\/#organization","name":"Elettralanguages","url":"https:\/\/www.elettralanguages.eu\/","logo":{"@type":"ImageObject","inLanguage":"fr-FR","@id":"https:\/\/www.elettralanguages.eu\/#\/schema\/logo\/image\/","url":"https:\/\/www.elettralanguages.eu\/wp-content\/uploads\/2021\/03\/logo_ELLETRA_FINAL-e1616672166268-1.png","contentUrl":"https:\/\/www.elettralanguages.eu\/wp-content\/uploads\/2021\/03\/logo_ELLETRA_FINAL-e1616672166268-1.png","width":366,"height":75,"caption":"Elettralanguages"},"image":{"@id":"https:\/\/www.elettralanguages.eu\/#\/schema\/logo\/image\/"}}]}},"_links":{"self":[{"href":"https:\/\/www.elettralanguages.eu\/fr\/wp-json\/wp\/v2\/pages\/2415","targetHints":{"allow":["GET"]}}],"collection":[{"href":"https:\/\/www.elettralanguages.eu\/fr\/wp-json\/wp\/v2\/pages"}],"about":[{"href":"https:\/\/www.elettralanguages.eu\/fr\/wp-json\/wp\/v2\/types\/page"}],"author":[{"embeddable":true,"href":"https:\/\/www.elettralanguages.eu\/fr\/wp-json\/wp\/v2\/users\/1"}],"replies":[{"embeddable":true,"href":"https:\/\/www.elettralanguages.eu\/fr\/wp-json\/wp\/v2\/comments?post=2415"}],"version-history":[{"count":45,"href":"https:\/\/www.elettralanguages.eu\/fr\/wp-json\/wp\/v2\/pages\/2415\/revisions"}],"predecessor-version":[{"id":3021,"href":"https:\/\/www.elettralanguages.eu\/fr\/wp-json\/wp\/v2\/pages\/2415\/revisions\/3021"}],"wp:attachment":[{"href":"https:\/\/www.elettralanguages.eu\/fr\/wp-json\/wp\/v2\/media?parent=2415"}],"curies":[{"name":"wp","href":"https:\/\/api.w.org\/{rel}","templated":true}]}}